{"id":4370,"date":"2025-11-07T16:28:06","date_gmt":"2025-11-07T15:28:06","guid":{"rendered":"https:\/\/www.corporatehealthservices.ch\/?page_id=4370"},"modified":"2026-08-11T10:30:56","modified_gmt":"2026-08-11T08:30:56","slug":"gestione-delle-assenze","status":"publish","type":"page","link":"https:\/\/www.corporatehealthservices.ch\/it\/le-nostre-soluzioni\/formazione\/gestione-delle-assenze\/","title":{"rendered":"Gestione delle assenze"},"content":{"rendered":"\n        <\/div>\n                                <div class=\"wrap-slider\">\n                <div class=\"slider  \"  style=\"\">\n                                            <div class=\"slide\" style=\"background-image: url(https:\/\/www.corporatehealthservices.ch\/wp-content\/uploads\/2024\/09\/Formation_gestion_absences-scaled.jpg);\">\n                                                            <div class=\"slick-caption container\">\n                                    <div class=\"slick-caption-inner\">\n                                                                                    <h1>Gestione delle assenze<\/h1>\n                                                                                \n                                                                                    <div class=\"slide-tags\">\n                                                                                                    <span class=\"slide-tag\">formazione<\/span>\n                                                                                            <\/div>\n                                        \n                                                                                \n                                                                            <\/div>\n                                <\/div>\n                                                    <\/div>\n                                    <\/div>\n                            <\/div>\n                <div class=\"container\">\n\n\n\n\n\n<div class=\"wp-block-group is-style-section is-layout-flow wp-block-group-is-layout-flow\"><div class=\"wp-bootstrap-blocks-row row justify-content-end\">\n\t\n\n<div class=\"col-12 col-md-8\">\n\t\t\t\n\n<p class=\"wp-block-paragraph\">In Svizzera, la gestione delle assenze \u00e8 una sfida centrale per le organizzazioni. Con tassi di assenza in aumento, le aziende devono rafforzare le proprie pratiche per garantire un monitoraggio coerente ed efficace.<\/p>\n\n\n\n<p class=\"wp-block-paragraph\">Le assenze influiscono direttamente sul clima di lavoro, sulla qualit\u00e0 dei servizi, sul carico di lavoro dei team e talvolta persino sulla salute dei collaboratori. In questo contesto, i manager di prossimit\u00e0 e i professionisti HR svolgono un ruolo fondamentale: la loro capacit\u00e0 di prevenire le assenze, condurre colloqui adeguati e instaurare un rapporto di fiducia \u00e8 essenziale.<\/p>\n\n\n\n<p class=\"wp-block-paragraph\">Questa formazione combina teoria e pratica per fornire gli strumenti necessari alla gestione efficace delle assenze e alla conduzione dei diversi colloqui correlati.<\/p>\n\n\t<\/div>\n\n\n\n<div class=\"col-12 col-md-4\">\n\t\t\t\n\n    <div class=\"tuiles-container tuile-decalee-container \" id=\"block_19cd754278deb594881ec9333dbf5e84\" >\n        <div class=\"row\">\n            <div class=\"col-12\">\n                <div class=\"tuile tuile-decalee\">\n                                            <h3 class=\"tuile-titre\">Gestione pi\u00f9 efficace delle assenze<\/h3>\n                                        \n                                            <div class=\"tuile-texte\"><p>Desiderate migliorare la gestione delle assenze nella vostra organizzazione? Siamo qui per aiutarvi.<\/p>\n<\/div>\n                                    <\/div>\n            <\/div>\n        <\/div>\n    <\/div>\n\n\n\n<div style=\"height:25px\" aria-hidden=\"true\" class=\"wp-block-spacer\"><\/div>\n\n\n\n<div class=\"wp-block-buttons is-content-justification-center is-layout-flex wp-container-core-buttons-is-layout-fe48e5de wp-block-buttons-is-layout-flex\">\n<div class=\"wp-block-button\"><a class=\"wp-block-button__link wp-element-button\" href=\"https:\/\/www.corporatehealthservices.ch\/it\/contatto\/\">Contattateci<\/a><\/div>\n<\/div>\n\n\t<\/div>\n\n<\/div>\n\n\n\n<div style=\"height:30px\" aria-hidden=\"true\" class=\"wp-block-spacer\"><\/div>\n\n\n\n<h2 class=\"wp-block-heading\">Pubblico<\/h2>\n\n\n\n<ul class=\"wp-block-list\">\n<li>Manager di prossimit\u00e0<\/li>\n\n\n\n<li>Professionisti e responsabili HR<\/li>\n\n\n\n<li>Persone coinvolte nel monitoraggio o nella gestione delle assenze<\/li>\n<\/ul>\n\n\n\n<div style=\"height:30px\" aria-hidden=\"true\" class=\"wp-block-spacer\"><\/div>\n\n\n\n<h2 class=\"wp-block-heading\">Obiettivi<\/h2>\n\n\n\n<p class=\"wp-block-paragraph\">Al termine della formazione, i partecipanti saranno in grado di:<\/p>\n\n\n\n<ul class=\"wp-block-list is-style-coches\">\n<li>Identificare i diversi tipi di assenze e le loro peculiarit\u00e0.<\/li>\n\n\n\n<li>Condurre i colloqui legati alle assenze (di bilancio, preventivo, rientro).<\/li>\n\n\n\n<li>Applicare gli strumenti attraverso esercitazioni pratiche.<\/li>\n\n\n\n<li>Conoscere le basi legali svizzere in materia di assenze.<\/li>\n<\/ul>\n\n\n\n<div style=\"height:30px\" aria-hidden=\"true\" class=\"wp-block-spacer\"><\/div>\n\n\n\n<h2 class=\"wp-block-heading\">Metodologie<\/h2>\n\n\n\n<ul class=\"wp-block-list\">\n<li>Contributi teorici contestualizzati al quadro svizzero<\/li>\n\n\n\n<li>Casi pratici<\/li>\n\n\n\n<li>Esercizi e role play<\/li>\n\n\n\n<li>Strumenti operativi e metodologici<\/li>\n\n\n\n<li>Scambio di esperienze tra i partecipanti<\/li>\n<\/ul>\n\n\n\n<div style=\"height:30px\" aria-hidden=\"true\" class=\"wp-block-spacer\"><\/div>\n\n\n\n<h2 class=\"wp-block-heading\">Durata<\/h2>\n\n\n\n<p class=\"wp-block-paragraph\">1 giornata (adattabile)<\/p>\n\n\n\n<div style=\"height:30px\" aria-hidden=\"true\" class=\"wp-block-spacer\"><\/div>\n\n\n\n<div class=\"wp-block-columns is-layout-flex wp-container-core-columns-is-layout-8f761849 wp-block-columns-is-layout-flex\">\n<div class=\"wp-block-column is-layout-flow wp-block-column-is-layout-flow\" style=\"flex-basis:66.66%\">\n<div class=\"wp-block-group is-style-box-light-blue is-layout-flow wp-block-group-is-layout-flow\" style=\"border-top-left-radius:38px;border-top-right-radius:38px;border-bottom-left-radius:38px;border-bottom-right-radius:38px\">\n<h3 class=\"wp-block-heading\"><strong>Desiderate organizzare questa formazione all\u2019interno della vostra azienda?<\/strong><\/h3>\n\n\n\n<p class=\"wp-block-paragraph\">I contenuti e la durata possono essere adattati per rispondere in modo preciso alle esigenze della vostra organizzazione. Siamo a vostra disposizione per discutere un\u2019offerta su misura.<\/p>\n\n\n\n<div style=\"height:15px\" aria-hidden=\"true\" class=\"wp-block-spacer\"><\/div>\n\n\n\n<div class=\"wp-block-buttons is-layout-flex wp-block-buttons-is-layout-flex\">\n<div class=\"wp-block-button\"><a class=\"wp-block-button__link wp-element-button\" href=\"https:\/\/www.corporatehealthservices.ch\/it\/contatto\/\">Contattateci<\/a><\/div>\n<\/div>\n<\/div>\n<\/div>\n\n\n\n<div class=\"wp-block-column is-layout-flow wp-block-column-is-layout-flow\" style=\"flex-basis:33.33%\"><\/div>\n<\/div>\n<\/div>\n\n\n\n<div class=\"wp-block-group is-layout-flow wp-block-group-is-layout-flow\">\n<h2 class=\"wp-block-heading\">Le altre tematiche<\/h2>\n\n\n\n    <div class=\"tuiles-thematiques-formations-container \" id=\"block_5cf6e13f0719948d3837c74f82021804\" >\n                    <div class=\"row\">\n                                                        <div class=\"col-xl-4 col-lg-12 col-md-12 col-sm-12 mb-4\">\n                                                    <a class=\"tuile-thematique-formation-link\" href=\"https:\/\/www.corporatehealthservices.ch\/it\/le-nostre-soluzioni\/formazione\/introduzione-ai-rischi-psicosociali\/\" target=\"_self\" aria-label=\"Introduzione ai rischi psicosociali\">\n                                <div class=\"tuile-thematique-formation\" data-aos=\"zoom-in\">\n                                                                            <div class=\"tuile-thematique-formation-image\">\n                                            <img decoding=\"async\" src=\"https:\/\/www.corporatehealthservices.ch\/wp-content\/uploads\/2024\/11\/2.jpg\" alt=\"\">\n                                        <\/div>\n                                                                        \n                                    <div class=\"tuile-thematique-formation-content\">\n                                                                                    <h5 class=\"tuile-thematique-formation-titre\">Introduzione ai rischi psicosociali<\/h5>\n                                                                                \n                                                                                    <div class=\"tuile-thematique-formation-texte\"><p>Questa formazione mira a fornire ai partecipanti le conoscenze e gli strumenti necessari per identificare, comprendere e gestire i rischi psicosociali e lo stress sul lavoro.<\/p>\n<\/div>\n                                                                                \n                                                                                \n                                        <i class=\"fa fa-plus tuile-thematique-formation-plus\"><\/i>\n                                    <\/div>\n                                <\/div>\n                            <\/a>\n                                            <\/div>\n                                                        <div class=\"col-xl-4 col-lg-12 col-md-12 col-sm-12 mb-4\">\n                                                    <a class=\"tuile-thematique-formation-link\" href=\"https:\/\/www.corporatehealthservices.ch\/it\/le-nostre-soluzioni\/formazione\/salute-femminile-e-maschile-rompere-i-tabu\/\" target=\"_self\" aria-label=\"Salute femminile e maschile: rompere i tab\u00f9\">\n                                <div class=\"tuile-thematique-formation\" data-aos=\"zoom-in\">\n                                                                            <div class=\"tuile-thematique-formation-image\">\n                                            <img decoding=\"async\" src=\"https:\/\/www.corporatehealthservices.ch\/wp-content\/uploads\/2026\/08\/Formation_Sante_Feminine_Masculine_CHS.jpg\" alt=\"\">\n                                        <\/div>\n                                                                        \n                                    <div class=\"tuile-thematique-formation-content\">\n                                                                                    <h5 class=\"tuile-thematique-formation-titre\">Salute femminile e maschile: rompere i tab\u00f9<\/h5>\n                                                                                \n                                                                                    <div class=\"tuile-thematique-formation-texte\"><p>Questa formazione propone di sollevare il velo su questi problemi ancora poco affrontati, al fine di aprire un dialogo rispettoso e costruttivo all&#8217;interno delle squadre.<\/p>\n<\/div>\n                                                                                \n                                                                                \n                                        <i class=\"fa fa-plus tuile-thematique-formation-plus\"><\/i>\n                                    <\/div>\n                                <\/div>\n                            <\/a>\n                                            <\/div>\n                                                        <div class=\"col-xl-4 col-lg-12 col-md-12 col-sm-12 mb-4\">\n                                                    <a class=\"tuile-thematique-formation-link\" href=\"https:\/\/www.corporatehealthservices.ch\/it\/le-nostre-soluzioni\/formazione\/salute-ed-equilibrio-sul-lavoro-per-gli-over-50\/\" target=\"_self\" aria-label=\"Salute ed equilibrio sul lavoro per i 50+\">\n                                <div class=\"tuile-thematique-formation\" data-aos=\"zoom-in\">\n                                                                            <div class=\"tuile-thematique-formation-image\">\n                                            <img decoding=\"async\" src=\"https:\/\/www.corporatehealthservices.ch\/wp-content\/uploads\/2026\/01\/50-1-scaled.jpg\" alt=\"\">\n                                        <\/div>\n                                                                        \n                                    <div class=\"tuile-thematique-formation-content\">\n                                                                                    <h5 class=\"tuile-thematique-formation-titre\">Salute ed equilibrio sul lavoro per i 50+<\/h5>\n                                                                                \n                                                                                    <div class=\"tuile-thematique-formation-texte\"><p>Questa formazione ha lo scopo di superare gli stereotipi e favorire un ambiente lavorativo propizio allo sviluppo e al successo delle collaboratrici e dei collaboratori esperti.<\/p>\n<\/div>\n                                                                                \n                                                                                \n                                        <i class=\"fa fa-plus tuile-thematique-formation-plus\"><\/i>\n                                    <\/div>\n                                <\/div>\n                            <\/a>\n                                            <\/div>\n                            <\/div>\n            <\/div>\n    <script>\n    (function(){\n        var container = document.getElementById('block_5cf6e13f0719948d3837c74f82021804');\n        if(!container) return;\n        function equalizeTiles(){\n            var tiles = container.querySelectorAll('.tuile-thematique-formation');\n            if(!tiles.length) return;\n            var maxH = 0;\n            tiles.forEach(function(t){ t.style.height = 'auto'; });\n            tiles.forEach(function(t){ maxH = Math.max(maxH, t.offsetHeight); });\n            tiles.forEach(function(t){ t.style.height = maxH + 'px'; });\n        }\n        var to;\n        function onResize(){\n            clearTimeout(to);\n            to = setTimeout(equalizeTiles, 120);\n        }\n        window.addEventListener('load', equalizeTiles);\n        window.addEventListener('resize', onResize);\n        if(document.fonts && document.fonts.ready){ document.fonts.ready.then(equalizeTiles); }\n        \/\/ Mutation observer to re-equalize if AOS or content changes\n        var mo = new MutationObserver(function(){ onResize(); });\n        mo.observe(container, { childList: true, subtree: true });\n    })();\n    <\/script>\n\n\n\n<div style=\"height:60px\" aria-hidden=\"true\" class=\"wp-block-spacer\"><\/div>\n\n\n\n<div style=\"height:100px\" aria-hidden=\"true\" class=\"wp-block-spacer\"><\/div>\n<\/div>\n\n\n\n<p class=\"wp-block-paragraph\"><\/p>\n","protected":false},"excerpt":{"rendered":"<p>Pubblico Obiettivi Al termine della formazione, i partecipanti saranno in grado di: Metodologie Durata 1 giornata (adattabile) Desiderate organizzare questa formazione all\u2019interno della vostra azienda? I contenuti e la durata possono essere adattati per rispondere in modo preciso alle esigenze della vostra organizzazione. Siamo a vostra disposizione per discutere un\u2019offerta su misura. Le altre tematiche<\/p>\n","protected":false},"author":4,"featured_media":0,"parent":4343,"menu_order":0,"comment_status":"closed","ping_status":"closed","template":"","meta":{"_acf_changed":false,"footnotes":""},"class_list":["post-4370","page","type-page","status-publish","hentry"],"acf":[],"aioseo_notices":[],"aioseo_head":"\n\t\t<!-- All in One SEO 5.0.1.1 - aioseo.com -->\n\t<meta name=\"description\" content=\"In Svizzera, la gestione delle assenze \u00e8 una sfida centrale per le organizzazioni. Con tassi di assenza in aumento, le aziende devono rafforzare le proprie pratiche per garantire un monitoraggio coerente ed efficace. Le assenze influiscono direttamente sul clima di lavoro, sulla qualit\u00e0 dei servizi, sul carico di lavoro dei team e talvolta persino sulla\" \/>\n\t<meta name=\"robots\" content=\"max-image-preview:large\" \/>\n\t<link rel=\"canonical\" href=\"https:\/\/www.corporatehealthservices.ch\/it\/le-nostre-soluzioni\/formazione\/gestione-delle-assenze\/\" \/>\n\t<meta name=\"generator\" content=\"All in One SEO (AIOSEO) 5.0.1.1\" \/>\n\t\t<meta property=\"og:locale\" content=\"it_IT\" \/>\n\t\t<meta property=\"og:site_name\" content=\"Corporate Health Services - Sant\u00e9 au travail\" \/>\n\t\t<meta property=\"og:type\" content=\"article\" \/>\n\t\t<meta property=\"og:title\" content=\"Corporate Health Services - Gestione delle assenze\" \/>\n\t\t<meta property=\"og:description\" content=\"In Svizzera, la gestione delle assenze \u00e8 una sfida centrale per le organizzazioni. Con tassi di assenza in aumento, le aziende devono rafforzare le proprie pratiche per garantire un monitoraggio coerente ed efficace. Le assenze influiscono direttamente sul clima di lavoro, sulla qualit\u00e0 dei servizi, sul carico di lavoro dei team e talvolta persino sulla\" \/>\n\t\t<meta property=\"og:url\" content=\"https:\/\/www.corporatehealthservices.ch\/it\/le-nostre-soluzioni\/formazione\/gestione-delle-assenze\/\" \/>\n\t\t<meta property=\"article:published_time\" content=\"2025-11-07T15:28:06+00:00\" \/>\n\t\t<meta property=\"article:modified_time\" content=\"2026-08-11T08:30:56+00:00\" \/>\n\t\t<meta name=\"twitter:card\" content=\"summary_large_image\" \/>\n\t\t<meta name=\"twitter:title\" content=\"Corporate Health Services - Gestione delle assenze\" \/>\n\t\t<meta name=\"twitter:description\" content=\"In Svizzera, la gestione delle assenze \u00e8 una sfida centrale per le organizzazioni. Con tassi di assenza in aumento, le aziende devono rafforzare le proprie pratiche per garantire un monitoraggio coerente ed efficace. Le assenze influiscono direttamente sul clima di lavoro, sulla qualit\u00e0 dei servizi, sul carico di lavoro dei team e talvolta persino sulla\" \/>\n\t\t<script type=\"application\/ld+json\" class=\"aioseo-schema\">\n\t\t\t{\"@context\":\"https:\\\/\\\/schema.org\",\"@graph\":[{\"@type\":\"BreadcrumbList\",\"@id\":\"https:\\\/\\\/www.corporatehealthservices.ch\\\/it\\\/le-nostre-soluzioni\\\/formazione\\\/gestione-delle-assenze\\\/#breadcrumblist\",\"itemListElement\":[{\"@type\":\"ListItem\",\"@id\":\"https:\\\/\\\/www.corporatehealthservices.ch\\\/it\\\/#listItem\",\"position\":1,\"name\":\"Domicile\",\"item\":\"https:\\\/\\\/www.corporatehealthservices.ch\\\/it\\\/\",\"nextItem\":{\"@type\":\"ListItem\",\"@id\":\"https:\\\/\\\/www.corporatehealthservices.ch\\\/it\\\/le-nostre-soluzioni\\\/#listItem\",\"name\":\"Le nostre soluzioni\"}},{\"@type\":\"ListItem\",\"@id\":\"https:\\\/\\\/www.corporatehealthservices.ch\\\/it\\\/le-nostre-soluzioni\\\/#listItem\",\"position\":2,\"name\":\"Le nostre soluzioni\",\"item\":\"https:\\\/\\\/www.corporatehealthservices.ch\\\/it\\\/le-nostre-soluzioni\\\/\",\"nextItem\":{\"@type\":\"ListItem\",\"@id\":\"https:\\\/\\\/www.corporatehealthservices.ch\\\/it\\\/le-nostre-soluzioni\\\/formazione\\\/#listItem\",\"name\":\"Formazione\"},\"previousItem\":{\"@type\":\"ListItem\",\"@id\":\"https:\\\/\\\/www.corporatehealthservices.ch\\\/it\\\/#listItem\",\"name\":\"Domicile\"}},{\"@type\":\"ListItem\",\"@id\":\"https:\\\/\\\/www.corporatehealthservices.ch\\\/it\\\/le-nostre-soluzioni\\\/formazione\\\/#listItem\",\"position\":3,\"name\":\"Formazione\",\"item\":\"https:\\\/\\\/www.corporatehealthservices.ch\\\/it\\\/le-nostre-soluzioni\\\/formazione\\\/\",\"nextItem\":{\"@type\":\"ListItem\",\"@id\":\"https:\\\/\\\/www.corporatehealthservices.ch\\\/it\\\/le-nostre-soluzioni\\\/formazione\\\/gestione-delle-assenze\\\/#listItem\",\"name\":\"Gestione delle assenze\"},\"previousItem\":{\"@type\":\"ListItem\",\"@id\":\"https:\\\/\\\/www.corporatehealthservices.ch\\\/it\\\/le-nostre-soluzioni\\\/#listItem\",\"name\":\"Le nostre soluzioni\"}},{\"@type\":\"ListItem\",\"@id\":\"https:\\\/\\\/www.corporatehealthservices.ch\\\/it\\\/le-nostre-soluzioni\\\/formazione\\\/gestione-delle-assenze\\\/#listItem\",\"position\":4,\"name\":\"Gestione delle assenze\",\"previousItem\":{\"@type\":\"ListItem\",\"@id\":\"https:\\\/\\\/www.corporatehealthservices.ch\\\/it\\\/le-nostre-soluzioni\\\/formazione\\\/#listItem\",\"name\":\"Formazione\"}}]},{\"@type\":\"Organization\",\"@id\":\"https:\\\/\\\/www.corporatehealthservices.ch\\\/it\\\/#organization\",\"name\":\"Corporate Health Services\",\"description\":\"Sant\\u00e9 au travail\",\"url\":\"https:\\\/\\\/www.corporatehealthservices.ch\\\/it\\\/\",\"logo\":{\"@type\":\"ImageObject\",\"url\":\"https:\\\/\\\/www.corporatehealthservices.ch\\\/wp-content\\\/uploads\\\/2023\\\/09\\\/cropped-CHS_logo.png\",\"@id\":\"https:\\\/\\\/www.corporatehealthservices.ch\\\/it\\\/le-nostre-soluzioni\\\/formazione\\\/gestione-delle-assenze\\\/#organizationLogo\",\"width\":1000,\"height\":580,\"caption\":\"CHS\"},\"image\":{\"@id\":\"https:\\\/\\\/www.corporatehealthservices.ch\\\/it\\\/le-nostre-soluzioni\\\/formazione\\\/gestione-delle-assenze\\\/#organizationLogo\"}},{\"@type\":\"WebPage\",\"@id\":\"https:\\\/\\\/www.corporatehealthservices.ch\\\/it\\\/le-nostre-soluzioni\\\/formazione\\\/gestione-delle-assenze\\\/#webpage\",\"url\":\"https:\\\/\\\/www.corporatehealthservices.ch\\\/it\\\/le-nostre-soluzioni\\\/formazione\\\/gestione-delle-assenze\\\/\",\"name\":\"Corporate Health Services - Gestione delle assenze\",\"description\":\"In Svizzera, la gestione delle assenze \\u00e8 una sfida centrale per le organizzazioni. Con tassi di assenza in aumento, le aziende devono rafforzare le proprie pratiche per garantire un monitoraggio coerente ed efficace. Le assenze influiscono direttamente sul clima di lavoro, sulla qualit\\u00e0 dei servizi, sul carico di lavoro dei team e talvolta persino sulla\",\"inLanguage\":\"it-IT\",\"isPartOf\":{\"@id\":\"https:\\\/\\\/www.corporatehealthservices.ch\\\/it\\\/#website\"},\"breadcrumb\":{\"@id\":\"https:\\\/\\\/www.corporatehealthservices.ch\\\/it\\\/le-nostre-soluzioni\\\/formazione\\\/gestione-delle-assenze\\\/#breadcrumblist\"},\"datePublished\":\"2025-11-07T16:28:06+01:00\",\"dateModified\":\"2026-08-11T10:30:56+02:00\"},{\"@type\":\"WebSite\",\"@id\":\"https:\\\/\\\/www.corporatehealthservices.ch\\\/it\\\/#website\",\"url\":\"https:\\\/\\\/www.corporatehealthservices.ch\\\/it\\\/\",\"name\":\"Corporate Health Services\",\"description\":\"Sant\\u00e9 au travail\",\"inLanguage\":\"it-IT\",\"publisher\":{\"@id\":\"https:\\\/\\\/www.corporatehealthservices.ch\\\/it\\\/#organization\"}}]}\n\t\t<\/script>\n\t\t<!-- All in One SEO -->\n\n","aioseo_head_json":{"title":"Corporate Health Services - Gestione delle assenze","description":"In Svizzera, la gestione delle assenze \u00e8 una sfida centrale per le organizzazioni. Con tassi di assenza in aumento, le aziende devono rafforzare le proprie pratiche per garantire un monitoraggio coerente ed efficace. Le assenze influiscono direttamente sul clima di lavoro, sulla qualit\u00e0 dei servizi, sul carico di lavoro dei team e talvolta persino sulla","canonical_url":"https:\/\/www.corporatehealthservices.ch\/it\/le-nostre-soluzioni\/formazione\/gestione-delle-assenze\/","robots":"max-image-preview:large","keywords":"","webmasterTools":{"miscellaneous":""},"schema":{"@context":"https:\/\/schema.org","@graph":[{"@type":"BreadcrumbList","@id":"https:\/\/www.corporatehealthservices.ch\/it\/le-nostre-soluzioni\/formazione\/gestione-delle-assenze\/#breadcrumblist","itemListElement":[{"@type":"ListItem","@id":"https:\/\/www.corporatehealthservices.ch\/it\/#listItem","position":1,"name":"Domicile","item":"https:\/\/www.corporatehealthservices.ch\/it\/","nextItem":{"@type":"ListItem","@id":"https:\/\/www.corporatehealthservices.ch\/it\/le-nostre-soluzioni\/#listItem","name":"Le nostre soluzioni"}},{"@type":"ListItem","@id":"https:\/\/www.corporatehealthservices.ch\/it\/le-nostre-soluzioni\/#listItem","position":2,"name":"Le nostre soluzioni","item":"https:\/\/www.corporatehealthservices.ch\/it\/le-nostre-soluzioni\/","nextItem":{"@type":"ListItem","@id":"https:\/\/www.corporatehealthservices.ch\/it\/le-nostre-soluzioni\/formazione\/#listItem","name":"Formazione"},"previousItem":{"@type":"ListItem","@id":"https:\/\/www.corporatehealthservices.ch\/it\/#listItem","name":"Domicile"}},{"@type":"ListItem","@id":"https:\/\/www.corporatehealthservices.ch\/it\/le-nostre-soluzioni\/formazione\/#listItem","position":3,"name":"Formazione","item":"https:\/\/www.corporatehealthservices.ch\/it\/le-nostre-soluzioni\/formazione\/","nextItem":{"@type":"ListItem","@id":"https:\/\/www.corporatehealthservices.ch\/it\/le-nostre-soluzioni\/formazione\/gestione-delle-assenze\/#listItem","name":"Gestione delle assenze"},"previousItem":{"@type":"ListItem","@id":"https:\/\/www.corporatehealthservices.ch\/it\/le-nostre-soluzioni\/#listItem","name":"Le nostre soluzioni"}},{"@type":"ListItem","@id":"https:\/\/www.corporatehealthservices.ch\/it\/le-nostre-soluzioni\/formazione\/gestione-delle-assenze\/#listItem","position":4,"name":"Gestione delle assenze","previousItem":{"@type":"ListItem","@id":"https:\/\/www.corporatehealthservices.ch\/it\/le-nostre-soluzioni\/formazione\/#listItem","name":"Formazione"}}]},{"@type":"Organization","@id":"https:\/\/www.corporatehealthservices.ch\/it\/#organization","name":"Corporate Health Services","description":"Sant\u00e9 au travail","url":"https:\/\/www.corporatehealthservices.ch\/it\/","logo":{"@type":"ImageObject","url":"https:\/\/www.corporatehealthservices.ch\/wp-content\/uploads\/2023\/09\/cropped-CHS_logo.png","@id":"https:\/\/www.corporatehealthservices.ch\/it\/le-nostre-soluzioni\/formazione\/gestione-delle-assenze\/#organizationLogo","width":1000,"height":580,"caption":"CHS"},"image":{"@id":"https:\/\/www.corporatehealthservices.ch\/it\/le-nostre-soluzioni\/formazione\/gestione-delle-assenze\/#organizationLogo"}},{"@type":"WebPage","@id":"https:\/\/www.corporatehealthservices.ch\/it\/le-nostre-soluzioni\/formazione\/gestione-delle-assenze\/#webpage","url":"https:\/\/www.corporatehealthservices.ch\/it\/le-nostre-soluzioni\/formazione\/gestione-delle-assenze\/","name":"Corporate Health Services - Gestione delle assenze","description":"In Svizzera, la gestione delle assenze \u00e8 una sfida centrale per le organizzazioni. Con tassi di assenza in aumento, le aziende devono rafforzare le proprie pratiche per garantire un monitoraggio coerente ed efficace. Le assenze influiscono direttamente sul clima di lavoro, sulla qualit\u00e0 dei servizi, sul carico di lavoro dei team e talvolta persino sulla","inLanguage":"it-IT","isPartOf":{"@id":"https:\/\/www.corporatehealthservices.ch\/it\/#website"},"breadcrumb":{"@id":"https:\/\/www.corporatehealthservices.ch\/it\/le-nostre-soluzioni\/formazione\/gestione-delle-assenze\/#breadcrumblist"},"datePublished":"2025-11-07T16:28:06+01:00","dateModified":"2026-08-11T10:30:56+02:00"},{"@type":"WebSite","@id":"https:\/\/www.corporatehealthservices.ch\/it\/#website","url":"https:\/\/www.corporatehealthservices.ch\/it\/","name":"Corporate Health Services","description":"Sant\u00e9 au travail","inLanguage":"it-IT","publisher":{"@id":"https:\/\/www.corporatehealthservices.ch\/it\/#organization"}}]},"og:locale":"it_IT","og:site_name":"Corporate Health Services - Sant\u00e9 au travail","og:type":"article","og:title":"Corporate Health Services - Gestione delle assenze","og:description":"In Svizzera, la gestione delle assenze \u00e8 una sfida centrale per le organizzazioni. Con tassi di assenza in aumento, le aziende devono rafforzare le proprie pratiche per garantire un monitoraggio coerente ed efficace. Le assenze influiscono direttamente sul clima di lavoro, sulla qualit\u00e0 dei servizi, sul carico di lavoro dei team e talvolta persino sulla","og:url":"https:\/\/www.corporatehealthservices.ch\/it\/le-nostre-soluzioni\/formazione\/gestione-delle-assenze\/","article:published_time":"2025-11-07T15:28:06+00:00","article:modified_time":"2026-08-11T08:30:56+00:00","twitter:card":"summary_large_image","twitter:title":"Corporate Health Services - Gestione delle assenze","twitter:description":"In Svizzera, la gestione delle assenze \u00e8 una sfida centrale per le organizzazioni. Con tassi di assenza in aumento, le aziende devono rafforzare le proprie pratiche per garantire un monitoraggio coerente ed efficace. Le assenze influiscono direttamente sul clima di lavoro, sulla qualit\u00e0 dei servizi, sul carico di lavoro dei team e talvolta persino sulla"},"aioseo_meta_data":{"post_id":"4370","title":null,"description":null,"keywords":null,"keyphrases":{"focus":{"keyphrase":"","score":0,"analysis":{"keyphraseInTitle":{"score":0,"maxScore":9,"error":1}}},"additional":[]},"primary_term":null,"canonical_url":null,"og_title":null,"og_description":null,"og_object_type":"default","og_image_type":"default","og_image_url":null,"og_image_width":null,"og_image_height":null,"og_image_custom_url":null,"og_image_custom_fields":null,"og_video":"","og_custom_url":null,"og_article_section":null,"og_article_tags":null,"twitter_use_og":false,"twitter_card":"default","twitter_image_type":"default","twitter_image_url":null,"twitter_image_custom_url":null,"twitter_image_custom_fields":null,"twitter_title":null,"twitter_description":null,"schema":{"blockGraphs":[],"customGraphs":[],"default":{"data":{"Article":[],"Course":[],"Dataset":[],"FAQPage":[],"Movie":[],"Person":[],"Product":[],"ProductReview":[],"Car":[],"Recipe":[],"Service":[],"SoftwareApplication":[],"WebPage":[]},"graphName":"WebPage","isEnabled":true},"graphs":[]},"schema_type":"default","schema_type_options":null,"pillar_content":false,"robots_default":true,"robots_noindex":false,"robots_noarchive":false,"robots_nosnippet":false,"robots_nofollow":false,"robots_noimageindex":false,"robots_noodp":false,"robots_notranslate":false,"robots_max_snippet":"-1","robots_max_videopreview":"-1","robots_max_imagepreview":"large","priority":null,"frequency":"default","local_seo":null,"breadcrumb_settings":null,"limit_modified_date":false,"ai":{"faqs":[],"keyPoints":[],"schemas":[],"titles":[],"descriptions":[],"socialPosts":{"email":{"subject":"","preview":"","content":""},"linkedin":[],"twitter":[],"facebook":[],"instagram":[]}},"created":"2026-01-29 07:32:03","updated":"2026-08-11 11:03:03","seo_analyzer_scan_date":null,"focus_keyword":null,"additional_keywords":null,"truseo_locale":null},"_links":{"self":[{"href":"https:\/\/www.corporatehealthservices.ch\/it\/wp-json\/wp\/v2\/pages\/4370","targetHints":{"allow":["GET"]}}],"collection":[{"href":"https:\/\/www.corporatehealthservices.ch\/it\/wp-json\/wp\/v2\/pages"}],"about":[{"href":"https:\/\/www.corporatehealthservices.ch\/it\/wp-json\/wp\/v2\/types\/page"}],"author":[{"embeddable":true,"href":"https:\/\/www.corporatehealthservices.ch\/it\/wp-json\/wp\/v2\/users\/4"}],"replies":[{"embeddable":true,"href":"https:\/\/www.corporatehealthservices.ch\/it\/wp-json\/wp\/v2\/comments?post=4370"}],"version-history":[{"count":8,"href":"https:\/\/www.corporatehealthservices.ch\/it\/wp-json\/wp\/v2\/pages\/4370\/revisions"}],"predecessor-version":[{"id":7206,"href":"https:\/\/www.corporatehealthservices.ch\/it\/wp-json\/wp\/v2\/pages\/4370\/revisions\/7206"}],"up":[{"embeddable":true,"href":"https:\/\/www.corporatehealthservices.ch\/it\/wp-json\/wp\/v2\/pages\/4343"}],"wp:attachment":[{"href":"https:\/\/www.corporatehealthservices.ch\/it\/wp-json\/wp\/v2\/media?parent=4370"}],"curies":[{"name":"wp","href":"https:\/\/api.w.org\/{rel}","templated":true}]}}