{"id":4364,"date":"2026-01-23T13:43:56","date_gmt":"2026-01-23T12:43:56","guid":{"rendered":"https:\/\/www.corporatehealthservices.ch\/?page_id=4364"},"modified":"2026-07-17T08:47:38","modified_gmt":"2026-07-17T06:47:38","slug":"salute-ed-equilibrio-sul-lavoro-per-gli-over-50","status":"publish","type":"page","link":"https:\/\/www.corporatehealthservices.ch\/it\/le-nostre-soluzioni\/formazione\/salute-ed-equilibrio-sul-lavoro-per-gli-over-50\/","title":{"rendered":"Salute ed equilibrio sul lavoro per i 50+"},"content":{"rendered":"\n        <\/div>\n                                <div class=\"wrap-slider\">\n                <div class=\"slider  \"  style=\"\">\n                                            <div class=\"slide\" style=\"background-image: url(https:\/\/www.corporatehealthservices.ch\/wp-content\/uploads\/2026\/01\/50-1-scaled.jpg);\">\n                                                            <div class=\"slick-caption container\">\n                                    <div class=\"slick-caption-inner\">\n                                                                                    <h1>Salute ed equilibrio sul lavoro per gli over 50<\/h1>\n                                                                                \n                                                                                    <div class=\"slide-tags\">\n                                                                                                    <span class=\"slide-tag\">formazione<\/span>\n                                                                                            <\/div>\n                                        \n                                                                                \n                                                                            <\/div>\n                                <\/div>\n                                                    <\/div>\n                                    <\/div>\n                            <\/div>\n                <div class=\"container\">\n\n\n\n\n\n<div class=\"wp-block-group is-style-section is-layout-flow wp-block-group-is-layout-flow\"><div class=\"wp-bootstrap-blocks-row row justify-content-end\">\n\t\n\n<div class=\"col-12 col-md-8\">\n\t\t\t\n\n<p class=\"wp-block-paragraph\">In Svizzera, i collaboratori e le collaboratrici di 50 anni e oltre rappresentano una quota sempre pi\u00f9 importante della popolazione attiva. La loro esperienza, il loro know-how e la loro stabilit\u00e0 costituiscono risorse preziose per le organizzazioni. Tuttavia, questa fascia d\u2019et\u00e0 \u00e8 ancora troppo spesso confrontata con stereotipi legati alle capacit\u00e0 fisiche, all\u2019adattabilit\u00e0 o al rapporto con il cambiamento. Parallelamente, le transizioni professionali e personali che si vivono in questa fase possono generare sfide aggiuntive.<\/p>\n\n\n\n<p class=\"wp-block-paragraph\">In questo contesto, diventa essenziale adottare un approccio proattivo che riconosca il valore dei collaboratori esperti e ne sostenga il benessere. Promuovere la salute e l\u2019equilibrio sul lavoro per gli over 50 non solo rafforza la motivazione e l\u2019impegno, ma favorisce anche una permanenza sostenibile nel mondo del lavoro, valorizzando il loro contributo allo sviluppo dei team e dell\u2019organizzazione.<\/p>\n\n\n\n<p class=\"wp-block-paragraph\">Questa formazione ha l\u2019obiettivo di offrire punti di riferimento chiari, identificare le sfide specifiche legate a questa fascia d\u2019et\u00e0 e proporre piste concrete per creare un ambiente di lavoro inclusivo, attento e favorevole al benessere delle persone over 50. Invita inoltre a superare le idee preconcette per valorizzare al meglio le competenze e il potenziale di questi collaboratori.<\/p>\n\n\t<\/div>\n\n\n\n<div class=\"col-12 col-md-4\">\n\t\t\t\n\n    <div class=\"tuiles-container tuile-decalee-container \" id=\"block_a074099ab37acb7907f9088f8199a2bb\" >\n        <div class=\"row\">\n            <div class=\"col-12\">\n                <div class=\"tuile tuile-decalee\">\n                                            <h3 class=\"tuile-titre\">Promuovere il benessere in ogni fase della vita lavorativa<\/h3>\n                                        \n                                            <div class=\"tuile-texte\"><p>Ti interessa aiutare i tuoi dipendenti over 50 a prosperare sul lavoro? Siamo qui per aiutarti.<\/p>\n<\/div>\n                                    <\/div>\n            <\/div>\n        <\/div>\n    <\/div>\n\n\n\n<div style=\"height:25px\" aria-hidden=\"true\" class=\"wp-block-spacer\"><\/div>\n\n\n\n<div class=\"wp-block-buttons is-content-justification-center is-layout-flex wp-container-core-buttons-is-layout-fe48e5de wp-block-buttons-is-layout-flex\">\n<div class=\"wp-block-button\"><a class=\"wp-block-button__link wp-element-button\" href=\"https:\/\/www.corporatehealthservices.ch\/it\/contatto\/\">Contattaci<\/a><\/div>\n<\/div>\n\n\t<\/div>\n\n<\/div>\n\n\n\n<div style=\"height:30px\" aria-hidden=\"true\" class=\"wp-block-spacer\"><\/div>\n\n\n\n<h2 class=\"wp-block-heading\">Pubblico<\/h2>\n\n\n\n<ul class=\"wp-block-list\">\n<li>Direttori e manager<\/li>\n\n\n\n<li>Responsabili e professionisti HR<\/li>\n<\/ul>\n\n\n\n<div style=\"height:30px\" aria-hidden=\"true\" class=\"wp-block-spacer\"><\/div>\n\n\n\n<h2 class=\"wp-block-heading\">Obiettivi<\/h2>\n\n\n\n<p class=\"wp-block-paragraph\">Al termine della formazione, i partecipanti saranno in grado di:<\/p>\n\n\n\n<ul class=\"wp-block-list is-style-coches\">\n<li>Identificare le sfide fisiche, psicologiche e organizzative che possono riguardare i collaboratori over 50.<\/li>\n\n\n\n<li>Comprendere le difficolt\u00e0 legate all\u2019equilibrio vita-lavoro e i diversi ruoli assunti in questa fase della vita.<\/li>\n\n\n\n<li>Riconoscere e valorizzare i punti di forza e le competenze specifiche degli over 50.<\/li>\n\n\n\n<li>Promuovere un ambiente di lavoro che favorisca salute, equilibrio e performance sostenibile.<\/li>\n<\/ul>\n\n\n\n<div style=\"height:30px\" aria-hidden=\"true\" class=\"wp-block-spacer\"><\/div>\n\n\n\n<h2 class=\"wp-block-heading\">Durata<\/h2>\n\n\n\n<p class=\"wp-block-paragraph\">\u00bd giornata (adattabile alle esigenze della vostra organizzazione)<\/p>\n\n\n\n<div style=\"height:30px\" aria-hidden=\"true\" class=\"wp-block-spacer\"><\/div>\n\n\n\n<div class=\"wp-block-columns is-layout-flex wp-container-core-columns-is-layout-8f761849 wp-block-columns-is-layout-flex\">\n<div class=\"wp-block-column is-layout-flow wp-block-column-is-layout-flow\" style=\"flex-basis:66.66%\">\n<div class=\"wp-block-group is-style-box-light-blue is-layout-flow wp-block-group-is-layout-flow\" style=\"border-top-left-radius:38px;border-top-right-radius:38px;border-bottom-left-radius:38px;border-bottom-right-radius:38px\">\n<h3 class=\"wp-block-heading\"><strong>Desiderate organizzare questa formazione all\u2019interno della vostra azienda?<\/strong><\/h3>\n\n\n\n<p class=\"wp-block-paragraph\">I contenuti e la durata possono essere adattati per rispondere in modo preciso alle esigenze della vostra organizzazione. Siamo a vostra disposizione per discutere un\u2019offerta su misura.<\/p>\n\n\n\n<div style=\"height:15px\" aria-hidden=\"true\" class=\"wp-block-spacer\"><\/div>\n\n\n\n<div class=\"wp-block-buttons is-layout-flex wp-block-buttons-is-layout-flex\">\n<div class=\"wp-block-button\"><a class=\"wp-block-button__link wp-element-button\" href=\"https:\/\/www.corporatehealthservices.ch\/it\/contatto\/\">Contattateci<\/a><\/div>\n<\/div>\n<\/div>\n<\/div>\n\n\n\n<div class=\"wp-block-column is-layout-flow wp-block-column-is-layout-flow\" style=\"flex-basis:33.33%\"><\/div>\n<\/div>\n<\/div>\n\n\n\n<div class=\"wp-block-group is-layout-flow wp-block-group-is-layout-flow\">\n<h2 class=\"wp-block-heading\">Le altre tematiche<\/h2>\n\n\n\n    <div class=\"tuiles-thematiques-formations-container \" id=\"block_c1655e653b59d4613334df263d6b0a11\" >\n                    <div class=\"row\">\n                                                        <div class=\"col-xl-4 col-lg-12 col-md-12 col-sm-12 mb-4\">\n                                                    <a class=\"tuile-thematique-formation-link\" href=\"https:\/\/www.corporatehealthservices.ch\/it\/le-nostre-soluzioni\/formazione\/introduzione-ai-rischi-psicosociali\/\" target=\"_self\" aria-label=\"Introduzione ai rischi psicosociali\">\n                                <div class=\"tuile-thematique-formation\" data-aos=\"zoom-in\">\n                                                                            <div class=\"tuile-thematique-formation-image\">\n                                            <img decoding=\"async\" src=\"https:\/\/www.corporatehealthservices.ch\/wp-content\/uploads\/2024\/11\/2.jpg\" alt=\"\">\n                                        <\/div>\n                                                                        \n                                    <div class=\"tuile-thematique-formation-content\">\n                                                                                    <h5 class=\"tuile-thematique-formation-titre\">Introduzione ai rischi psicosociali<\/h5>\n                                                                                \n                                                                                    <div class=\"tuile-thematique-formation-texte\"><p>Questa formazione mira a fornire ai partecipanti le conoscenze e gli strumenti necessari per identificare, comprendere e gestire i rischi psicosociali e lo stress sul lavoro.<\/p>\n<\/div>\n                                                                                \n                                                                                \n                                        <i class=\"fa fa-plus tuile-thematique-formation-plus\"><\/i>\n                                    <\/div>\n                                <\/div>\n                            <\/a>\n                                            <\/div>\n                                                        <div class=\"col-xl-4 col-lg-12 col-md-12 col-sm-12 mb-4\">\n                                                    <a class=\"tuile-thematique-formation-link\" href=\"https:\/\/www.corporatehealthservices.ch\/it\/le-nostre-soluzioni\/formazione\/salute-femminile-e-maschile-rompere-i-tabu\/\" target=\"_self\" aria-label=\"Salute femminile e maschile: rompere i tab\u00f9\">\n                                <div class=\"tuile-thematique-formation\" data-aos=\"zoom-in\">\n                                                                            <div class=\"tuile-thematique-formation-image\">\n                                            <img decoding=\"async\" src=\"https:\/\/www.corporatehealthservices.ch\/wp-content\/uploads\/2026\/01\/Sante-feminine-et-masculine-tabous.jpg\" alt=\"\">\n                                        <\/div>\n                                                                        \n                                    <div class=\"tuile-thematique-formation-content\">\n                                                                                    <h5 class=\"tuile-thematique-formation-titre\">Salute femminile e maschile: rompere i tab\u00f9<\/h5>\n                                                                                \n                                                                                    <div class=\"tuile-thematique-formation-texte\"><p>Questa formazione propone di sollevare il velo su questi problemi ancora poco affrontati, al fine di aprire un dialogo rispettoso e costruttivo all&#8217;interno delle squadre.<\/p>\n<\/div>\n                                                                                \n                                                                                \n                                        <i class=\"fa fa-plus tuile-thematique-formation-plus\"><\/i>\n                                    <\/div>\n                                <\/div>\n                            <\/a>\n                                            <\/div>\n                                                        <div class=\"col-xl-4 col-lg-12 col-md-12 col-sm-12 mb-4\">\n                                                    <a class=\"tuile-thematique-formation-link\" href=\"https:\/\/www.corporatehealthservices.ch\/it\/le-nostre-soluzioni\/formazione\/gestione-delle-assenze\/\" target=\"_self\" aria-label=\"Gestione delle assenze\">\n                                <div class=\"tuile-thematique-formation\" data-aos=\"zoom-in\">\n                                                                            <div class=\"tuile-thematique-formation-image\">\n                                            <img decoding=\"async\" src=\"https:\/\/www.corporatehealthservices.ch\/wp-content\/uploads\/2024\/09\/Formation_gestion_absences-scaled.jpg\" alt=\"Formation sur la gestion des absences\">\n                                        <\/div>\n                                                                        \n                                    <div class=\"tuile-thematique-formation-content\">\n                                                                                    <h5 class=\"tuile-thematique-formation-titre\">Gestione delle assenze<\/h5>\n                                                                                \n                                                                                    <div class=\"tuile-thematique-formation-texte\"><p>Questa formazione mira ad attrezzare i manager di prossimit\u00e0 e le risorse umane per una buona gestione delle assenze.<\/p>\n<\/div>\n                                                                                \n                                                                                \n                                        <i class=\"fa fa-plus tuile-thematique-formation-plus\"><\/i>\n                                    <\/div>\n                                <\/div>\n                            <\/a>\n                                            <\/div>\n                            <\/div>\n            <\/div>\n    <script>\n    (function(){\n        var container = document.getElementById('block_c1655e653b59d4613334df263d6b0a11');\n        if(!container) return;\n        function equalizeTiles(){\n            var tiles = container.querySelectorAll('.tuile-thematique-formation');\n            if(!tiles.length) return;\n            var maxH = 0;\n            tiles.forEach(function(t){ t.style.height = 'auto'; });\n            tiles.forEach(function(t){ maxH = Math.max(maxH, t.offsetHeight); });\n            tiles.forEach(function(t){ t.style.height = maxH + 'px'; });\n        }\n        var to;\n        function onResize(){\n            clearTimeout(to);\n            to = setTimeout(equalizeTiles, 120);\n        }\n        window.addEventListener('load', equalizeTiles);\n        window.addEventListener('resize', onResize);\n        if(document.fonts && document.fonts.ready){ document.fonts.ready.then(equalizeTiles); }\n        \/\/ Mutation observer to re-equalize if AOS or content changes\n        var mo = new MutationObserver(function(){ onResize(); });\n        mo.observe(container, { childList: true, subtree: true });\n    })();\n    <\/script>\n\n\n\n<div style=\"height:60px\" aria-hidden=\"true\" class=\"wp-block-spacer\"><\/div>\n\n\n\n<div style=\"height:100px\" aria-hidden=\"true\" class=\"wp-block-spacer\"><\/div>\n<\/div>\n","protected":false},"excerpt":{"rendered":"<p>Pubblico Obiettivi Al termine della formazione, i partecipanti saranno in grado di: Durata \u00bd giornata (adattabile alle esigenze della vostra organizzazione) Desiderate organizzare questa formazione all\u2019interno della vostra azienda? I contenuti e la durata possono essere adattati per rispondere in modo preciso alle esigenze della vostra organizzazione. Siamo a vostra disposizione per discutere un\u2019offerta su [&hellip;]<\/p>\n","protected":false},"author":4,"featured_media":0,"parent":4343,"menu_order":0,"comment_status":"closed","ping_status":"closed","template":"","meta":{"_acf_changed":false,"footnotes":""},"class_list":["post-4364","page","type-page","status-publish","hentry"],"acf":[],"aioseo_notices":[],"aioseo_head":"\n\t\t<!-- All in One SEO 5.0.1.1 - aioseo.com -->\n\t<meta name=\"description\" content=\"In Svizzera, i collaboratori e le collaboratrici di 50 anni e oltre rappresentano una quota sempre pi\u00f9 importante della popolazione attiva. La loro esperienza, il loro know-how e la loro stabilit\u00e0 costituiscono risorse preziose per le organizzazioni. Tuttavia, questa fascia d\u2019et\u00e0 \u00e8 ancora troppo spesso confrontata con stereotipi legati alle capacit\u00e0 fisiche, all\u2019adattabilit\u00e0 o al\" \/>\n\t<meta name=\"robots\" content=\"max-image-preview:large\" \/>\n\t<link rel=\"canonical\" href=\"https:\/\/www.corporatehealthservices.ch\/it\/le-nostre-soluzioni\/formazione\/salute-ed-equilibrio-sul-lavoro-per-gli-over-50\/\" \/>\n\t<meta name=\"generator\" content=\"All in One SEO (AIOSEO) 5.0.1.1\" \/>\n\t\t<meta property=\"og:locale\" content=\"it_IT\" \/>\n\t\t<meta property=\"og:site_name\" content=\"Corporate Health Services - Sant\u00e9 au travail\" \/>\n\t\t<meta property=\"og:type\" content=\"article\" \/>\n\t\t<meta property=\"og:title\" content=\"Corporate Health Services - Salute ed equilibrio sul lavoro per i 50+\" \/>\n\t\t<meta property=\"og:description\" content=\"In Svizzera, i collaboratori e le collaboratrici di 50 anni e oltre rappresentano una quota sempre pi\u00f9 importante della popolazione attiva. La loro esperienza, il loro know-how e la loro stabilit\u00e0 costituiscono risorse preziose per le organizzazioni. Tuttavia, questa fascia d\u2019et\u00e0 \u00e8 ancora troppo spesso confrontata con stereotipi legati alle capacit\u00e0 fisiche, all\u2019adattabilit\u00e0 o al\" \/>\n\t\t<meta property=\"og:url\" content=\"https:\/\/www.corporatehealthservices.ch\/it\/le-nostre-soluzioni\/formazione\/salute-ed-equilibrio-sul-lavoro-per-gli-over-50\/\" \/>\n\t\t<meta property=\"article:published_time\" content=\"2026-01-23T12:43:56+00:00\" \/>\n\t\t<meta property=\"article:modified_time\" content=\"2026-07-17T06:47:38+00:00\" \/>\n\t\t<meta name=\"twitter:card\" content=\"summary_large_image\" \/>\n\t\t<meta name=\"twitter:title\" content=\"Corporate Health Services - Salute ed equilibrio sul lavoro per i 50+\" \/>\n\t\t<meta name=\"twitter:description\" content=\"In Svizzera, i collaboratori e le collaboratrici di 50 anni e oltre rappresentano una quota sempre pi\u00f9 importante della popolazione attiva. La loro esperienza, il loro know-how e la loro stabilit\u00e0 costituiscono risorse preziose per le organizzazioni. Tuttavia, questa fascia d\u2019et\u00e0 \u00e8 ancora troppo spesso confrontata con stereotipi legati alle capacit\u00e0 fisiche, all\u2019adattabilit\u00e0 o al\" \/>\n\t\t<script type=\"application\/ld+json\" class=\"aioseo-schema\">\n\t\t\t{\"@context\":\"https:\\\/\\\/schema.org\",\"@graph\":[{\"@type\":\"BreadcrumbList\",\"@id\":\"https:\\\/\\\/www.corporatehealthservices.ch\\\/it\\\/le-nostre-soluzioni\\\/formazione\\\/salute-ed-equilibrio-sul-lavoro-per-gli-over-50\\\/#breadcrumblist\",\"itemListElement\":[{\"@type\":\"ListItem\",\"@id\":\"https:\\\/\\\/www.corporatehealthservices.ch\\\/it\\\/#listItem\",\"position\":1,\"name\":\"Domicile\",\"item\":\"https:\\\/\\\/www.corporatehealthservices.ch\\\/it\\\/\",\"nextItem\":{\"@type\":\"ListItem\",\"@id\":\"https:\\\/\\\/www.corporatehealthservices.ch\\\/it\\\/le-nostre-soluzioni\\\/#listItem\",\"name\":\"Le nostre soluzioni\"}},{\"@type\":\"ListItem\",\"@id\":\"https:\\\/\\\/www.corporatehealthservices.ch\\\/it\\\/le-nostre-soluzioni\\\/#listItem\",\"position\":2,\"name\":\"Le nostre soluzioni\",\"item\":\"https:\\\/\\\/www.corporatehealthservices.ch\\\/it\\\/le-nostre-soluzioni\\\/\",\"nextItem\":{\"@type\":\"ListItem\",\"@id\":\"https:\\\/\\\/www.corporatehealthservices.ch\\\/it\\\/le-nostre-soluzioni\\\/formazione\\\/#listItem\",\"name\":\"Formazione\"},\"previousItem\":{\"@type\":\"ListItem\",\"@id\":\"https:\\\/\\\/www.corporatehealthservices.ch\\\/it\\\/#listItem\",\"name\":\"Domicile\"}},{\"@type\":\"ListItem\",\"@id\":\"https:\\\/\\\/www.corporatehealthservices.ch\\\/it\\\/le-nostre-soluzioni\\\/formazione\\\/#listItem\",\"position\":3,\"name\":\"Formazione\",\"item\":\"https:\\\/\\\/www.corporatehealthservices.ch\\\/it\\\/le-nostre-soluzioni\\\/formazione\\\/\",\"nextItem\":{\"@type\":\"ListItem\",\"@id\":\"https:\\\/\\\/www.corporatehealthservices.ch\\\/it\\\/le-nostre-soluzioni\\\/formazione\\\/salute-ed-equilibrio-sul-lavoro-per-gli-over-50\\\/#listItem\",\"name\":\"Salute ed equilibrio sul lavoro per i 50+\"},\"previousItem\":{\"@type\":\"ListItem\",\"@id\":\"https:\\\/\\\/www.corporatehealthservices.ch\\\/it\\\/le-nostre-soluzioni\\\/#listItem\",\"name\":\"Le nostre soluzioni\"}},{\"@type\":\"ListItem\",\"@id\":\"https:\\\/\\\/www.corporatehealthservices.ch\\\/it\\\/le-nostre-soluzioni\\\/formazione\\\/salute-ed-equilibrio-sul-lavoro-per-gli-over-50\\\/#listItem\",\"position\":4,\"name\":\"Salute ed equilibrio sul lavoro per i 50+\",\"previousItem\":{\"@type\":\"ListItem\",\"@id\":\"https:\\\/\\\/www.corporatehealthservices.ch\\\/it\\\/le-nostre-soluzioni\\\/formazione\\\/#listItem\",\"name\":\"Formazione\"}}]},{\"@type\":\"Organization\",\"@id\":\"https:\\\/\\\/www.corporatehealthservices.ch\\\/it\\\/#organization\",\"name\":\"Corporate Health Services\",\"description\":\"Sant\\u00e9 au travail\",\"url\":\"https:\\\/\\\/www.corporatehealthservices.ch\\\/it\\\/\",\"logo\":{\"@type\":\"ImageObject\",\"url\":\"https:\\\/\\\/www.corporatehealthservices.ch\\\/wp-content\\\/uploads\\\/2023\\\/09\\\/cropped-CHS_logo.png\",\"@id\":\"https:\\\/\\\/www.corporatehealthservices.ch\\\/it\\\/le-nostre-soluzioni\\\/formazione\\\/salute-ed-equilibrio-sul-lavoro-per-gli-over-50\\\/#organizationLogo\",\"width\":1000,\"height\":580,\"caption\":\"CHS\"},\"image\":{\"@id\":\"https:\\\/\\\/www.corporatehealthservices.ch\\\/it\\\/le-nostre-soluzioni\\\/formazione\\\/salute-ed-equilibrio-sul-lavoro-per-gli-over-50\\\/#organizationLogo\"}},{\"@type\":\"WebPage\",\"@id\":\"https:\\\/\\\/www.corporatehealthservices.ch\\\/it\\\/le-nostre-soluzioni\\\/formazione\\\/salute-ed-equilibrio-sul-lavoro-per-gli-over-50\\\/#webpage\",\"url\":\"https:\\\/\\\/www.corporatehealthservices.ch\\\/it\\\/le-nostre-soluzioni\\\/formazione\\\/salute-ed-equilibrio-sul-lavoro-per-gli-over-50\\\/\",\"name\":\"Corporate Health Services - Salute ed equilibrio sul lavoro per i 50+\",\"description\":\"In Svizzera, i collaboratori e le collaboratrici di 50 anni e oltre rappresentano una quota sempre pi\\u00f9 importante della popolazione attiva. La loro esperienza, il loro know-how e la loro stabilit\\u00e0 costituiscono risorse preziose per le organizzazioni. Tuttavia, questa fascia d\\u2019et\\u00e0 \\u00e8 ancora troppo spesso confrontata con stereotipi legati alle capacit\\u00e0 fisiche, all\\u2019adattabilit\\u00e0 o al\",\"inLanguage\":\"it-IT\",\"isPartOf\":{\"@id\":\"https:\\\/\\\/www.corporatehealthservices.ch\\\/it\\\/#website\"},\"breadcrumb\":{\"@id\":\"https:\\\/\\\/www.corporatehealthservices.ch\\\/it\\\/le-nostre-soluzioni\\\/formazione\\\/salute-ed-equilibrio-sul-lavoro-per-gli-over-50\\\/#breadcrumblist\"},\"datePublished\":\"2026-01-23T13:43:56+01:00\",\"dateModified\":\"2026-07-17T08:47:38+02:00\"},{\"@type\":\"WebSite\",\"@id\":\"https:\\\/\\\/www.corporatehealthservices.ch\\\/it\\\/#website\",\"url\":\"https:\\\/\\\/www.corporatehealthservices.ch\\\/it\\\/\",\"name\":\"Corporate Health Services\",\"description\":\"Sant\\u00e9 au travail\",\"inLanguage\":\"it-IT\",\"publisher\":{\"@id\":\"https:\\\/\\\/www.corporatehealthservices.ch\\\/it\\\/#organization\"}}]}\n\t\t<\/script>\n\t\t<!-- All in One SEO -->\n\n","aioseo_head_json":{"title":"Corporate Health Services - Salute ed equilibrio sul lavoro per i 50+","description":"In Svizzera, i collaboratori e le collaboratrici di 50 anni e oltre rappresentano una quota sempre pi\u00f9 importante della popolazione attiva. La loro esperienza, il loro know-how e la loro stabilit\u00e0 costituiscono risorse preziose per le organizzazioni. Tuttavia, questa fascia d\u2019et\u00e0 \u00e8 ancora troppo spesso confrontata con stereotipi legati alle capacit\u00e0 fisiche, all\u2019adattabilit\u00e0 o al","canonical_url":"https:\/\/www.corporatehealthservices.ch\/it\/le-nostre-soluzioni\/formazione\/salute-ed-equilibrio-sul-lavoro-per-gli-over-50\/","robots":"max-image-preview:large","keywords":"","webmasterTools":{"miscellaneous":""},"schema":{"@context":"https:\/\/schema.org","@graph":[{"@type":"BreadcrumbList","@id":"https:\/\/www.corporatehealthservices.ch\/it\/le-nostre-soluzioni\/formazione\/salute-ed-equilibrio-sul-lavoro-per-gli-over-50\/#breadcrumblist","itemListElement":[{"@type":"ListItem","@id":"https:\/\/www.corporatehealthservices.ch\/it\/#listItem","position":1,"name":"Domicile","item":"https:\/\/www.corporatehealthservices.ch\/it\/","nextItem":{"@type":"ListItem","@id":"https:\/\/www.corporatehealthservices.ch\/it\/le-nostre-soluzioni\/#listItem","name":"Le nostre soluzioni"}},{"@type":"ListItem","@id":"https:\/\/www.corporatehealthservices.ch\/it\/le-nostre-soluzioni\/#listItem","position":2,"name":"Le nostre soluzioni","item":"https:\/\/www.corporatehealthservices.ch\/it\/le-nostre-soluzioni\/","nextItem":{"@type":"ListItem","@id":"https:\/\/www.corporatehealthservices.ch\/it\/le-nostre-soluzioni\/formazione\/#listItem","name":"Formazione"},"previousItem":{"@type":"ListItem","@id":"https:\/\/www.corporatehealthservices.ch\/it\/#listItem","name":"Domicile"}},{"@type":"ListItem","@id":"https:\/\/www.corporatehealthservices.ch\/it\/le-nostre-soluzioni\/formazione\/#listItem","position":3,"name":"Formazione","item":"https:\/\/www.corporatehealthservices.ch\/it\/le-nostre-soluzioni\/formazione\/","nextItem":{"@type":"ListItem","@id":"https:\/\/www.corporatehealthservices.ch\/it\/le-nostre-soluzioni\/formazione\/salute-ed-equilibrio-sul-lavoro-per-gli-over-50\/#listItem","name":"Salute ed equilibrio sul lavoro per i 50+"},"previousItem":{"@type":"ListItem","@id":"https:\/\/www.corporatehealthservices.ch\/it\/le-nostre-soluzioni\/#listItem","name":"Le nostre soluzioni"}},{"@type":"ListItem","@id":"https:\/\/www.corporatehealthservices.ch\/it\/le-nostre-soluzioni\/formazione\/salute-ed-equilibrio-sul-lavoro-per-gli-over-50\/#listItem","position":4,"name":"Salute ed equilibrio sul lavoro per i 50+","previousItem":{"@type":"ListItem","@id":"https:\/\/www.corporatehealthservices.ch\/it\/le-nostre-soluzioni\/formazione\/#listItem","name":"Formazione"}}]},{"@type":"Organization","@id":"https:\/\/www.corporatehealthservices.ch\/it\/#organization","name":"Corporate Health Services","description":"Sant\u00e9 au travail","url":"https:\/\/www.corporatehealthservices.ch\/it\/","logo":{"@type":"ImageObject","url":"https:\/\/www.corporatehealthservices.ch\/wp-content\/uploads\/2023\/09\/cropped-CHS_logo.png","@id":"https:\/\/www.corporatehealthservices.ch\/it\/le-nostre-soluzioni\/formazione\/salute-ed-equilibrio-sul-lavoro-per-gli-over-50\/#organizationLogo","width":1000,"height":580,"caption":"CHS"},"image":{"@id":"https:\/\/www.corporatehealthservices.ch\/it\/le-nostre-soluzioni\/formazione\/salute-ed-equilibrio-sul-lavoro-per-gli-over-50\/#organizationLogo"}},{"@type":"WebPage","@id":"https:\/\/www.corporatehealthservices.ch\/it\/le-nostre-soluzioni\/formazione\/salute-ed-equilibrio-sul-lavoro-per-gli-over-50\/#webpage","url":"https:\/\/www.corporatehealthservices.ch\/it\/le-nostre-soluzioni\/formazione\/salute-ed-equilibrio-sul-lavoro-per-gli-over-50\/","name":"Corporate Health Services - Salute ed equilibrio sul lavoro per i 50+","description":"In Svizzera, i collaboratori e le collaboratrici di 50 anni e oltre rappresentano una quota sempre pi\u00f9 importante della popolazione attiva. La loro esperienza, il loro know-how e la loro stabilit\u00e0 costituiscono risorse preziose per le organizzazioni. Tuttavia, questa fascia d\u2019et\u00e0 \u00e8 ancora troppo spesso confrontata con stereotipi legati alle capacit\u00e0 fisiche, all\u2019adattabilit\u00e0 o al","inLanguage":"it-IT","isPartOf":{"@id":"https:\/\/www.corporatehealthservices.ch\/it\/#website"},"breadcrumb":{"@id":"https:\/\/www.corporatehealthservices.ch\/it\/le-nostre-soluzioni\/formazione\/salute-ed-equilibrio-sul-lavoro-per-gli-over-50\/#breadcrumblist"},"datePublished":"2026-01-23T13:43:56+01:00","dateModified":"2026-07-17T08:47:38+02:00"},{"@type":"WebSite","@id":"https:\/\/www.corporatehealthservices.ch\/it\/#website","url":"https:\/\/www.corporatehealthservices.ch\/it\/","name":"Corporate Health Services","description":"Sant\u00e9 au travail","inLanguage":"it-IT","publisher":{"@id":"https:\/\/www.corporatehealthservices.ch\/it\/#organization"}}]},"og:locale":"it_IT","og:site_name":"Corporate Health Services - Sant\u00e9 au travail","og:type":"article","og:title":"Corporate Health Services - Salute ed equilibrio sul lavoro per i 50+","og:description":"In Svizzera, i collaboratori e le collaboratrici di 50 anni e oltre rappresentano una quota sempre pi\u00f9 importante della popolazione attiva. La loro esperienza, il loro know-how e la loro stabilit\u00e0 costituiscono risorse preziose per le organizzazioni. Tuttavia, questa fascia d\u2019et\u00e0 \u00e8 ancora troppo spesso confrontata con stereotipi legati alle capacit\u00e0 fisiche, all\u2019adattabilit\u00e0 o al","og:url":"https:\/\/www.corporatehealthservices.ch\/it\/le-nostre-soluzioni\/formazione\/salute-ed-equilibrio-sul-lavoro-per-gli-over-50\/","article:published_time":"2026-01-23T12:43:56+00:00","article:modified_time":"2026-07-17T06:47:38+00:00","twitter:card":"summary_large_image","twitter:title":"Corporate Health Services - Salute ed equilibrio sul lavoro per i 50+","twitter:description":"In Svizzera, i collaboratori e le collaboratrici di 50 anni e oltre rappresentano una quota sempre pi\u00f9 importante della popolazione attiva. La loro esperienza, il loro know-how e la loro stabilit\u00e0 costituiscono risorse preziose per le organizzazioni. Tuttavia, questa fascia d\u2019et\u00e0 \u00e8 ancora troppo spesso confrontata con stereotipi legati alle capacit\u00e0 fisiche, all\u2019adattabilit\u00e0 o al"},"aioseo_meta_data":{"post_id":"4364","title":null,"description":null,"keywords":null,"keyphrases":{"focus":{"keyphrase":"","score":0,"analysis":{"keyphraseInTitle":{"score":0,"maxScore":9,"error":1}}},"additional":[]},"primary_term":null,"canonical_url":null,"og_title":null,"og_description":null,"og_object_type":"default","og_image_type":"default","og_image_url":null,"og_image_width":null,"og_image_height":null,"og_image_custom_url":null,"og_image_custom_fields":null,"og_video":"","og_custom_url":null,"og_article_section":null,"og_article_tags":null,"twitter_use_og":false,"twitter_card":"default","twitter_image_type":"default","twitter_image_url":null,"twitter_image_custom_url":null,"twitter_image_custom_fields":null,"twitter_title":null,"twitter_description":null,"schema":{"blockGraphs":[],"customGraphs":[],"default":{"data":{"Article":[],"Course":[],"Dataset":[],"FAQPage":[],"Movie":[],"Person":[],"Product":[],"ProductReview":[],"Car":[],"Recipe":[],"Service":[],"SoftwareApplication":[],"WebPage":[]},"graphName":"WebPage","isEnabled":true},"graphs":[]},"schema_type":"default","schema_type_options":null,"pillar_content":false,"robots_default":true,"robots_noindex":false,"robots_noarchive":false,"robots_nosnippet":false,"robots_nofollow":false,"robots_noimageindex":false,"robots_noodp":false,"robots_notranslate":false,"robots_max_snippet":"-1","robots_max_videopreview":"-1","robots_max_imagepreview":"large","priority":null,"frequency":"default","local_seo":null,"breadcrumb_settings":null,"limit_modified_date":false,"ai":{"faqs":[],"keyPoints":[],"schemas":[],"titles":[],"descriptions":[],"socialPosts":{"email":{"subject":"","preview":"","content":""},"linkedin":[],"twitter":[],"facebook":[],"instagram":[]}},"created":"2026-01-29 07:29:45","updated":"2026-07-17 07:32:58","seo_analyzer_scan_date":null,"focus_keyword":null,"additional_keywords":null,"truseo_locale":null},"_links":{"self":[{"href":"https:\/\/www.corporatehealthservices.ch\/it\/wp-json\/wp\/v2\/pages\/4364","targetHints":{"allow":["GET"]}}],"collection":[{"href":"https:\/\/www.corporatehealthservices.ch\/it\/wp-json\/wp\/v2\/pages"}],"about":[{"href":"https:\/\/www.corporatehealthservices.ch\/it\/wp-json\/wp\/v2\/types\/page"}],"author":[{"embeddable":true,"href":"https:\/\/www.corporatehealthservices.ch\/it\/wp-json\/wp\/v2\/users\/4"}],"replies":[{"embeddable":true,"href":"https:\/\/www.corporatehealthservices.ch\/it\/wp-json\/wp\/v2\/comments?post=4364"}],"version-history":[{"count":9,"href":"https:\/\/www.corporatehealthservices.ch\/it\/wp-json\/wp\/v2\/pages\/4364\/revisions"}],"predecessor-version":[{"id":7037,"href":"https:\/\/www.corporatehealthservices.ch\/it\/wp-json\/wp\/v2\/pages\/4364\/revisions\/7037"}],"up":[{"embeddable":true,"href":"https:\/\/www.corporatehealthservices.ch\/it\/wp-json\/wp\/v2\/pages\/4343"}],"wp:attachment":[{"href":"https:\/\/www.corporatehealthservices.ch\/it\/wp-json\/wp\/v2\/media?parent=4364"}],"curies":[{"name":"wp","href":"https:\/\/api.w.org\/{rel}","templated":true}]}}